{"id":67173,"date":"2026-08-20T11:00:50","date_gmt":"2026-08-20T15:00:50","guid":{"rendered":"http:\/\/el-surti-2026.local\/evento\/lanzamiento-revista-surti-04\/"},"modified":"2026-08-20T20:57:43","modified_gmt":"2026-08-20T23:57:43","slug":"lanzamiento-revista-surti-04","status":"publish","type":"evento","link":"https:\/\/elsurti.dev\/pt\/evento\/lanzamiento-revista-surti-04\/","title":{"rendered":"Lanzamiento Impreso: Revista Surti #04 &#038; Exposici\u00f3n Visual"},"content":{"rendered":"<p>Presentaci\u00f3n de la edici\u00f3n especial #04 enfocada en cultura visual, dise\u00f1o editorial e investigaci\u00f3n contempor\u00e1nea. Contaremos con m\u00fasica en vivo, exhibici\u00f3n de portadas y mesa de debate con el equipo creativo.<\/p>","protected":false},"excerpt":{"rendered":"<p>Presentaci\u00f3n de la edici\u00f3n especial #04 enfocada en cultura visual, dise\u00f1o editorial e investigaci\u00f3n contempor\u00e1nea.<\/p>","protected":false},"author":1294,"featured_media":67179,"template":"","meta":{"_acf_changed":false,"pmpro_default_level":"","footnotes":"","_elsurti_evento_fecha_inicio":"2026-11-22","_elsurti_evento_hora_inicio":"19:00","_elsurti_evento_fecha_fin":"","_elsurti_evento_hora_fin":"22:00","_elsurti_evento_modalidad":"presencial","_elsurti_evento_max_participantes":80},"class_list":["post-67173","evento","type-evento","status-publish","has-post-thumbnail","hentry","pmpro-has-access"],"acf":[],"elsurti_evento":{"fecha_inicio":"2026-11-22","hora_inicio":"19:00","fecha_fin":"","hora_fin":"22:00","modalidad":"presencial","categoria":"Lanzamiento","organizador":"SURTI MEDIA LAB","lugar":{"nombre":"La Cafebrer\u00eda","direccion":"Malutin 675","ciudad":"Asunci\u00f3n","pais":"PY","pais_nombre":"Paraguay","mapa_url":"https:\/\/maps.google.com\/?q=La+Cafebreria+Malutin+675+Asuncion"},"plataforma":"","url":"","max_participantes":80,"spots_left":80,"past":false,"my_reservation":null,"faq":{"items":[{"pregunta":"\u00bfHay que pagar por la revista?","respuesta":"La entrada es gratuita. La revista impresa est\u00e1 disponible para adquirir en el lugar."},{"pregunta":"\u00bfHabr\u00e1 firma de ejemplares?","respuesta":"S\u00ed, el equipo creativo firmar\u00e1 ejemplares al final de la actividad."}]}},"_links":{"self":[{"href":"https:\/\/elsurti.dev\/pt\/wp-json\/wp\/v2\/eventos\/67173","targetHints":{"allow":["GET"]}}],"collection":[{"href":"https:\/\/elsurti.dev\/pt\/wp-json\/wp\/v2\/eventos"}],"about":[{"href":"https:\/\/elsurti.dev\/pt\/wp-json\/wp\/v2\/types\/evento"}],"author":[{"embeddable":true,"href":"https:\/\/elsurti.dev\/pt\/wp-json\/wp\/v2\/users\/1294"}],"version-history":[{"count":1,"href":"https:\/\/elsurti.dev\/pt\/wp-json\/wp\/v2\/eventos\/67173\/revisions"}],"predecessor-version":[{"id":67185,"href":"https:\/\/elsurti.dev\/pt\/wp-json\/wp\/v2\/eventos\/67173\/revisions\/67185"}],"wp:featuredmedia":[{"embeddable":true,"href":"https:\/\/elsurti.dev\/pt\/wp-json\/wp\/v2\/media\/67179"}],"wp:attachment":[{"href":"https:\/\/elsurti.dev\/pt\/wp-json\/wp\/v2\/media?parent=67173"}],"curies":[{"name":"wp","href":"https:\/\/api.w.org\/{rel}","templated":true}]}}